{"id":1102,"date":"2015-09-12T03:08:03","date_gmt":"2015-09-12T03:08:03","guid":{"rendered":"http:\/\/feldenkraisqc.ca\/?post_type=project&#038;p=1102"},"modified":"2016-01-10T21:59:39","modified_gmt":"2016-01-10T21:59:39","slug":"heloise-mackay","status":"publish","type":"project","link":"https:\/\/feldenkraisqc.ca\/?project=heloise-mackay","title":{"rendered":"H\u00e9lo\u00efse Mackay"},"content":{"rendered":"<p>[et_pb_section admin_label=\u00a0\u00bbsection\u00a0\u00bb][et_pb_row admin_label=\u00a0\u00bbLigne\u00a0\u00bb][et_pb_column type=\u00a0\u00bb2_3&Prime;][et_pb_text admin_label=\u00a0\u00bbTexte\u00a0\u00bb background_layout=\u00a0\u00bblight\u00a0\u00bb text_orientation=\u00a0\u00bbleft\u00a0\u00bb use_border_color=\u00a0\u00bboff\u00a0\u00bb border_color=\u00a0\u00bb#ffffff\u00a0\u00bb border_style=\u00a0\u00bbsolid\u00a0\u00bb]<\/p>\n<h1>H\u00e9lo\u00efse Mackay<\/h1>\n<p>\u00c9ducatrice somatique certifi\u00e9e pour enseigner le travail guid\u00e9 verbalement<br \/>\n<strong>Rive-Sud (Longueuil)<\/strong><\/p>\n<p>450-761-0122<br \/>\n<a href=\"mailto:heloloz@hotmail.com\">heloloz@hotmail.com<\/a><br \/>\n<a href=\"http:\/\/pause-pilates.blogspot.ca\" target=\"_blank\">www.pausepilates.ca<\/a><\/p>\n<p>[\/et_pb_text][\/et_pb_column][et_pb_column type=\u00a0\u00bb1_3&Prime;][et_pb_image admin_label=\u00a0\u00bbImage\u00a0\u00bb src=\u00a0\u00bbhttp:\/\/feldenkraisqc.ca\/wp-content\/uploads\/2015\/08\/Mackay-Heloise.jpg\u00a0\u00bb show_in_lightbox=\u00a0\u00bboff\u00a0\u00bb url_new_window=\u00a0\u00bboff\u00a0\u00bb animation=\u00a0\u00bbleft\u00a0\u00bb sticky=\u00a0\u00bboff\u00a0\u00bb align=\u00a0\u00bbleft\u00a0\u00bb force_fullwidth=\u00a0\u00bboff\u00a0\u00bb always_center_on_mobile=\u00a0\u00bbon\u00a0\u00bb use_border_color=\u00a0\u00bboff\u00a0\u00bb border_color=\u00a0\u00bb#ffffff\u00a0\u00bb border_style=\u00a0\u00bbsolid\u00a0\u00bb] [\/et_pb_image][\/et_pb_column][\/et_pb_row][et_pb_row admin_label=\u00a0\u00bbrow\u00a0\u00bb][et_pb_column type=\u00a0\u00bb4_4&Prime;][et_pb_text admin_label=\u00a0\u00bbTexte\u00a0\u00bb background_layout=\u00a0\u00bblight\u00a0\u00bb text_orientation=\u00a0\u00bbleft\u00a0\u00bb use_border_color=\u00a0\u00bboff\u00a0\u00bb border_color=\u00a0\u00bb#ffffff\u00a0\u00bb border_style=\u00a0\u00bbsolid\u00a0\u00bb]<\/p>\n<p>Mon int\u00e9r\u00eat pour l&rsquo;expression humaine s&rsquo;est traduit de diff\u00e9rentes fa\u00e7ons jusqu&rsquo;\u00e0 ce qu&rsquo;il se pr\u00e9cise en une passion pour le mouvement. J&rsquo;ai s\u00e9journ\u00e9 en Isra\u00ebl o\u00f9 j&rsquo;ai compl\u00e8t\u00e9 un baccalaur\u00e9at en th\u00e9\u00e2tre et en philosophie \u00e0 l&rsquo;universit\u00e9 de Ha\u00effa. A mon retour \u00e0 Montr\u00e9al en 2005, j&rsquo;ai fait deux ans d&rsquo;\u00e9tudes au baccalaur\u00e9at en danse \u00e0 l&rsquo;UQAM tout en compl\u00e9tant ma formation comme instructrice de pilates sur appareils avec Polestar Pilates au studio Connexion Pilates. En 2008 j&rsquo;ai ouvert le studio Pause Pilates o\u00f9 j&rsquo;enseigne et privil\u00e9gie une approche ax\u00e9e sur le d\u00e9veloppement de la conscience corporelle. A l&rsquo;\u00e9t\u00e9 2010, j&rsquo;ai entrepris une formation (450 heures) avanc\u00e9e en \u00e9ducation somatique \u00e0 travers laquelle j&rsquo;approfondie la prise de conscience de soi par le mouvement inspir\u00e9e de la m\u00e9thode Feldenkrais MD. Ce qui m&rsquo;inspire dans la rencontre avec chaque \u00e9l\u00e8ve, c&rsquo;est la d\u00e9couverte ensemble de l&rsquo;unicit\u00e9 de chacun mais aussi c&rsquo;est d&rsquo;\u00eatre t\u00e9moin de l&rsquo;am\u00e9lioration de sa fa\u00e7on de se mouvoir et de l&rsquo;impact appr\u00e9ciable que cela peut avoir sur son quotidien.<\/p>\n<p>[\/et_pb_text][\/et_pb_column][\/et_pb_row][\/et_pb_section]<\/p>\n","protected":false},"excerpt":{"rendered":"<p>[et_pb_section admin_label=\u00a0\u00bbsection\u00a0\u00bb][et_pb_row admin_label=\u00a0\u00bbLigne\u00a0\u00bb][et_pb_column type=\u00a0\u00bb2_3&Prime;][et_pb_text admin_label=\u00a0\u00bbTexte\u00a0\u00bb background_layout=\u00a0\u00bblight\u00a0\u00bb text_orientation=\u00a0\u00bbleft\u00a0\u00bb use_border_color=\u00a0\u00bboff\u00a0\u00bb border_color=\u00a0\u00bb#ffffff\u00a0\u00bb border_style=\u00a0\u00bbsolid\u00a0\u00bb] H\u00e9lo\u00efse Mackay \u00c9ducatrice somatique certifi\u00e9e pour enseigner le travail guid\u00e9 verbalement Rive-Sud (Longueuil) 450-761-0122 heloloz@hotmail.com www.pausepilates.ca [\/et_pb_text][\/et_pb_column][et_pb_column type=\u00a0\u00bb1_3&Prime;][et_pb_image admin_label=\u00a0\u00bbImage\u00a0\u00bb src=\u00a0\u00bbhttp:\/\/feldenkraisqc.ca\/wp-content\/uploads\/2015\/08\/Mackay-Heloise.jpg\u00a0\u00bb show_in_lightbox=\u00a0\u00bboff\u00a0\u00bb url_new_window=\u00a0\u00bboff\u00a0\u00bb animation=\u00a0\u00bbleft\u00a0\u00bb sticky=\u00a0\u00bboff\u00a0\u00bb align=\u00a0\u00bbleft\u00a0\u00bb force_fullwidth=\u00a0\u00bboff\u00a0\u00bb always_center_on_mobile=\u00a0\u00bbon\u00a0\u00bb use_border_color=\u00a0\u00bboff\u00a0\u00bb border_color=\u00a0\u00bb#ffffff\u00a0\u00bb border_style=\u00a0\u00bbsolid\u00a0\u00bb] [\/et_pb_image][\/et_pb_column][\/et_pb_row][et_pb_row admin_label=\u00a0\u00bbrow\u00a0\u00bb][et_pb_column type=\u00a0\u00bb4_4&Prime;][et_pb_text admin_label=\u00a0\u00bbTexte\u00a0\u00bb background_layout=\u00a0\u00bblight\u00a0\u00bb text_orientation=\u00a0\u00bbleft\u00a0\u00bb use_border_color=\u00a0\u00bboff\u00a0\u00bb border_color=\u00a0\u00bb#ffffff\u00a0\u00bb border_style=\u00a0\u00bbsolid\u00a0\u00bb] Mon int\u00e9r\u00eat pour l&rsquo;expression humaine s&rsquo;est [&hellip;]<\/p>\n","protected":false},"author":1,"featured_media":0,"comment_status":"closed","ping_status":"closed","template":"","meta":{"_et_pb_use_builder":"on","_et_pb_old_content":"","_et_gb_content_width":"","footnotes":""},"project_category":[],"project_tag":[],"class_list":["post-1102","project","type-project","status-publish","hentry"],"_links":{"self":[{"href":"https:\/\/feldenkraisqc.ca\/index.php?rest_route=\/wp\/v2\/project\/1102","targetHints":{"allow":["GET"]}}],"collection":[{"href":"https:\/\/feldenkraisqc.ca\/index.php?rest_route=\/wp\/v2\/project"}],"about":[{"href":"https:\/\/feldenkraisqc.ca\/index.php?rest_route=\/wp\/v2\/types\/project"}],"author":[{"embeddable":true,"href":"https:\/\/feldenkraisqc.ca\/index.php?rest_route=\/wp\/v2\/users\/1"}],"replies":[{"embeddable":true,"href":"https:\/\/feldenkraisqc.ca\/index.php?rest_route=%2Fwp%2Fv2%2Fcomments&post=1102"}],"version-history":[{"count":2,"href":"https:\/\/feldenkraisqc.ca\/index.php?rest_route=\/wp\/v2\/project\/1102\/revisions"}],"predecessor-version":[{"id":1287,"href":"https:\/\/feldenkraisqc.ca\/index.php?rest_route=\/wp\/v2\/project\/1102\/revisions\/1287"}],"wp:attachment":[{"href":"https:\/\/feldenkraisqc.ca\/index.php?rest_route=%2Fwp%2Fv2%2Fmedia&parent=1102"}],"wp:term":[{"taxonomy":"project_category","embeddable":true,"href":"https:\/\/feldenkraisqc.ca\/index.php?rest_route=%2Fwp%2Fv2%2Fproject_category&post=1102"},{"taxonomy":"project_tag","embeddable":true,"href":"https:\/\/feldenkraisqc.ca\/index.php?rest_route=%2Fwp%2Fv2%2Fproject_tag&post=1102"}],"curies":[{"name":"wp","href":"https:\/\/api.w.org\/{rel}","templated":true}]}}