{"id":2212,"date":"2022-04-19T10:40:22","date_gmt":"2022-04-19T14:40:22","guid":{"rendered":"https:\/\/feldenkraisqc.ca\/?post_type=project&#038;p=2212"},"modified":"2022-04-20T11:37:57","modified_gmt":"2022-04-20T15:37:57","slug":"genevieve-pepin","status":"publish","type":"project","link":"https:\/\/feldenkraisqc.ca\/?project=genevieve-pepin","title":{"rendered":"Genevi\u00e8ve Pepin"},"content":{"rendered":"<p>[et_pb_section fb_built=\u00a0\u00bb1&Prime; admin_label=\u00a0\u00bbsection\u00a0\u00bb _builder_version=\u00a0\u00bb3.22&Prime;][et_pb_row column_structure=\u00a0\u00bb3_4,1_4&Prime; admin_label=\u00a0\u00bbrow\u00a0\u00bb _builder_version=\u00a0\u00bb4.9.0&Prime; background_size=\u00a0\u00bbinitial\u00a0\u00bb background_position=\u00a0\u00bbtop_left\u00a0\u00bb background_repeat=\u00a0\u00bbrepeat\u00a0\u00bb][et_pb_column type=\u00a0\u00bb3_4&Prime; _builder_version=\u00a0\u00bb3.25&Prime; custom_padding=\u00a0\u00bb|||\u00a0\u00bb custom_padding__hover=\u00a0\u00bb|||\u00a0\u00bb][et_pb_text _builder_version=\u00a0\u00bb4.9.0&Prime; _module_preset=\u00a0\u00bbdefault\u00a0\u00bb hover_enabled=\u00a0\u00bb0&Prime; sticky_enabled=\u00a0\u00bb0&Prime;]<\/p>\n<h1>Genevi\u00e8ve Pepin<\/h1>\n<p>Praticienne certifi\u00e9e de la m\u00e9thode Feldenkrais<br \/><strong>Montr\u00e9al (Ahuntsic-Cartierville)<\/strong><\/p>\n<p><a href=\"mailto:huntndance@gmail.com\">huntndance@gmail.com<\/a><br \/><a href=\"https:\/\/www.genevievepepin.ca\/\">https:\/\/www.genevievepepin.ca\/<\/a><\/p>\n<p>[\/et_pb_text][\/et_pb_column][et_pb_column type=\u00a0\u00bb1_4&Prime; _builder_version=\u00a0\u00bb3.25&Prime; custom_padding=\u00a0\u00bb|||\u00a0\u00bb custom_padding__hover=\u00a0\u00bb|||\u00a0\u00bb][et_pb_image src=\u00a0\u00bbhttps:\/\/feldenkraisqc.ca\/wp-content\/uploads\/2022\/04\/GP.jpg\u00a0\u00bb title_text=\u00a0\u00bbGP\u00a0\u00bb _builder_version=\u00a0\u00bb4.9.0&Prime; _module_preset=\u00a0\u00bbdefault\u00a0\u00bb][\/et_pb_image][\/et_pb_column][\/et_pb_row][et_pb_row _builder_version=\u00a0\u00bb4.9.0&Prime; _module_preset=\u00a0\u00bbdefault\u00a0\u00bb][et_pb_column type=\u00a0\u00bb4_4&Prime; _builder_version=\u00a0\u00bb4.9.0&Prime; _module_preset=\u00a0\u00bbdefault\u00a0\u00bb][et_pb_text _builder_version=\u00a0\u00bb4.9.0&Prime; _module_preset=\u00a0\u00bbdefault\u00a0\u00bb hover_enabled=\u00a0\u00bb0&Prime; sticky_enabled=\u00a0\u00bb0&Prime;]<\/p>\n<p style=\"text-align: left;\"><span style=\"font-family: Times New Roman, serif;\">Genevi\u00e8ve Pepin a \u00e9t\u00e9 \u00e0 la fois interpr\u00e8te, improvisatrice, r\u00e9p\u00e9titrice, conseill\u00e8re artistique et professeure en danse. Elle a fait partie du milieu professionnel qu\u00e9b\u00e9cois de la danse depuis 1979. <\/span><span style=\"font-family: Times New Roman, serif;\">En 2015, elle d\u00e9bute la formation de <i>Professional Teacher Training Program<\/i> au <em><b>Feldenkrais Institute of New York. <\/b><\/em>Elle compl\u00e8te sa formation en 2019 et devient Praticienne de la m\u00e9thode de Feldenkrais (MD). <\/span><span style=\"font-family: Times New Roman, serif;\">Bacheli\u00e8re en enseignement de la danse (90) et Ma\u00eetre \u00e8s arts en danse (98), de l\u2019Universit\u00e9 du Qu\u00e9bec \u00e0 Montr\u00e9al (UQAM). Elle a enseign\u00e9, entre 1980 et 2013 dans diff\u00e9rents lieux tels que l\u2019\u00c9cole Sup\u00e9rieure de Danse de Qu\u00e9bec, l\u2019\u00c9cole Nationale de Cirque et le c\u00e9gep de Drummondville. <\/span><span style=\"font-family: Times New Roman, serif;\">Elle a commenc\u00e9 l\u2019apprentissage de la danse avec le classique \u00e0 l\u2019\u00e9cole Sup\u00e9rieure des Grands Ballets Canadiens de 1970 \u00e0 1979 et a par la suite \u00e9volu\u00e9 dans le milieu de la danse contemporaine.<\/span><\/p>\n<p>[\/et_pb_text][\/et_pb_column][\/et_pb_row][\/et_pb_section]<\/p>\n","protected":false},"excerpt":{"rendered":"<p>[et_pb_section fb_built=\u00a0\u00bb1&Prime; admin_label=\u00a0\u00bbsection\u00a0\u00bb _builder_version=\u00a0\u00bb3.22&Prime;][et_pb_row column_structure=\u00a0\u00bb3_4,1_4&Prime; admin_label=\u00a0\u00bbrow\u00a0\u00bb _builder_version=\u00a0\u00bb4.9.0&Prime; background_size=\u00a0\u00bbinitial\u00a0\u00bb background_position=\u00a0\u00bbtop_left\u00a0\u00bb background_repeat=\u00a0\u00bbrepeat\u00a0\u00bb][et_pb_column type=\u00a0\u00bb3_4&Prime; _builder_version=\u00a0\u00bb3.25&Prime; custom_padding=\u00a0\u00bb|||\u00a0\u00bb custom_padding__hover=\u00a0\u00bb|||\u00a0\u00bb][et_pb_text _builder_version=\u00a0\u00bb4.9.0&Prime; _module_preset=\u00a0\u00bbdefault\u00a0\u00bb hover_enabled=\u00a0\u00bb0&Prime; sticky_enabled=\u00a0\u00bb0&Prime;] Genevi\u00e8ve Pepin Praticienne certifi\u00e9e de la m\u00e9thode FeldenkraisMontr\u00e9al (Ahuntsic-Cartierville) huntndance@gmail.comhttps:\/\/www.genevievepepin.ca\/ [\/et_pb_text][\/et_pb_column][et_pb_column type=\u00a0\u00bb1_4&Prime; _builder_version=\u00a0\u00bb3.25&Prime; custom_padding=\u00a0\u00bb|||\u00a0\u00bb custom_padding__hover=\u00a0\u00bb|||\u00a0\u00bb][et_pb_image src=\u00a0\u00bbhttps:\/\/feldenkraisqc.ca\/wp-content\/uploads\/2022\/04\/GP.jpg\u00a0\u00bb title_text=\u00a0\u00bbGP\u00a0\u00bb _builder_version=\u00a0\u00bb4.9.0&Prime; _module_preset=\u00a0\u00bbdefault\u00a0\u00bb][\/et_pb_image][\/et_pb_column][\/et_pb_row][et_pb_row _builder_version=\u00a0\u00bb4.9.0&Prime; _module_preset=\u00a0\u00bbdefault\u00a0\u00bb][et_pb_column type=\u00a0\u00bb4_4&Prime; _builder_version=\u00a0\u00bb4.9.0&Prime; _module_preset=\u00a0\u00bbdefault\u00a0\u00bb][et_pb_text _builder_version=\u00a0\u00bb4.9.0&Prime; _module_preset=\u00a0\u00bbdefault\u00a0\u00bb hover_enabled=\u00a0\u00bb0&Prime; sticky_enabled=\u00a0\u00bb0&Prime;] Genevi\u00e8ve Pepin a \u00e9t\u00e9 \u00e0 la fois interpr\u00e8te, improvisatrice, [&hellip;]<\/p>\n","protected":false},"author":1,"featured_media":0,"comment_status":"closed","ping_status":"closed","template":"","meta":{"_et_pb_use_builder":"on","_et_pb_old_content":"","_et_gb_content_width":"","footnotes":""},"project_category":[],"project_tag":[],"class_list":["post-2212","project","type-project","status-publish","hentry"],"_links":{"self":[{"href":"https:\/\/feldenkraisqc.ca\/index.php?rest_route=\/wp\/v2\/project\/2212","targetHints":{"allow":["GET"]}}],"collection":[{"href":"https:\/\/feldenkraisqc.ca\/index.php?rest_route=\/wp\/v2\/project"}],"about":[{"href":"https:\/\/feldenkraisqc.ca\/index.php?rest_route=\/wp\/v2\/types\/project"}],"author":[{"embeddable":true,"href":"https:\/\/feldenkraisqc.ca\/index.php?rest_route=\/wp\/v2\/users\/1"}],"replies":[{"embeddable":true,"href":"https:\/\/feldenkraisqc.ca\/index.php?rest_route=%2Fwp%2Fv2%2Fcomments&post=2212"}],"version-history":[{"count":6,"href":"https:\/\/feldenkraisqc.ca\/index.php?rest_route=\/wp\/v2\/project\/2212\/revisions"}],"predecessor-version":[{"id":2236,"href":"https:\/\/feldenkraisqc.ca\/index.php?rest_route=\/wp\/v2\/project\/2212\/revisions\/2236"}],"wp:attachment":[{"href":"https:\/\/feldenkraisqc.ca\/index.php?rest_route=%2Fwp%2Fv2%2Fmedia&parent=2212"}],"wp:term":[{"taxonomy":"project_category","embeddable":true,"href":"https:\/\/feldenkraisqc.ca\/index.php?rest_route=%2Fwp%2Fv2%2Fproject_category&post=2212"},{"taxonomy":"project_tag","embeddable":true,"href":"https:\/\/feldenkraisqc.ca\/index.php?rest_route=%2Fwp%2Fv2%2Fproject_tag&post=2212"}],"curies":[{"name":"wp","href":"https:\/\/api.w.org\/{rel}","templated":true}]}}